{"id":2027,"date":"2022-11-21T14:31:32","date_gmt":"2022-11-21T13:31:32","guid":{"rendered":"https:\/\/gestteatre.org\/?page_id=2027"},"modified":"2022-12-21T00:25:41","modified_gmt":"2022-12-20T23:25:41","slug":"2027-2","status":"publish","type":"page","link":"https:\/\/gestteatre.org\/index.php\/2027-2\/","title":{"rendered":"Biblioteca GEST"},"content":{"rendered":"<p><img loading=\"lazy\" class=\"size-full wp-image-2028 aligncenter\" src=\"http:\/\/gestteatre.org\/wp-content\/uploads\/2022\/11\/Estudio-de-Fotografia-Portada-de-Facebook.png\" alt=\"\" width=\"851\" height=\"278\" srcset=\"https:\/\/gestteatre.org\/wp-content\/uploads\/2022\/11\/Estudio-de-Fotografia-Portada-de-Facebook.png 851w, https:\/\/gestteatre.org\/wp-content\/uploads\/2022\/11\/Estudio-de-Fotografia-Portada-de-Facebook-300x98.png 300w, https:\/\/gestteatre.org\/wp-content\/uploads\/2022\/11\/Estudio-de-Fotografia-Portada-de-Facebook-768x251.png 768w\" sizes=\"(max-width: 851px) 100vw, 851px\" \/><\/p>\n<p>&nbsp;<\/p>\n<p style=\"text-align: justify;\">Presentem la <strong>Biblioteca GEST<\/strong>, un espai virtual on s&#8217;ofereixen, tant a socis com a interessats i amants del teatre, diverses obres i peces curtes per a la lectura i el gaudi. Aquestes obres s\u00f3n d&#8217;acc\u00e9s obert i han estat cedides amablement pels seus autors.<br \/>\nLa <strong>Biblioteca<\/strong> s&#8217;anir\u00e0 actualitzant peri\u00f2dicament a mesura que rebem noves obres. Si un autor vol col\u00b7laborar amb nosaltres, ben aviat informarem sobre el proc\u00e9s.<br \/>\nRecordem a tothom que les obres aqu\u00ed exposades <span style=\"text-decoration: underline;\"><strong>NO PODEN SER REPRESENTADES SENSE L\u2019AUTORITZACI\u00d3 EXPRESSA DE L\u2019AUTOR I POT COMPORTAR SANCIONS<\/strong><\/span>. GEST fa \u00fanicament una tasca divulgativa i expositiva d&#8217;aquests treballs. L&#8217;acc\u00e9s lliure no comporta un \u00fas lliure.<\/p>\n<p>&nbsp;<\/p>\n<table style=\"width: 100%; border-collapse: collapse; border-style: solid; border-color: #000000; background-color: #ffffff; height: 505px;\" border=\"1\">\n<tbody>\n<tr style=\"height: 24px;\">\n<td style=\"width: 16.6667%; height: 24px;\"><strong>AUTOR<\/strong><\/td>\n<td style=\"width: 25.5109%; height: 24px;\"><strong>T\u00cdTOL<\/strong><\/td>\n<td style=\"width: 17.1692%; height: 24px;\"><strong>PERSONATGES<\/strong><\/td>\n<td style=\"width: 7.31997%; height: 24px;\"><strong>ANY<\/strong><\/td>\n<td style=\"width: 24.9078%; height: 24px;\"><strong>PROCED\u00c8NCIA<\/strong><\/td>\n<td style=\"width: 8.42556%; height: 24px;\"><strong>LLENGUA<\/strong><\/td>\n<\/tr>\n<tr style=\"height: 49px;\">\n<td style=\"width: 16.6667%; height: 49px;\">Lluis Segu\u00ed Gomila<\/td>\n<td style=\"width: 25.5109%; height: 49px;\"><a href=\"http:\/\/gestteatre.org\/wp-content\/uploads\/2022\/11\/ALS-SETANTA-TOT-SI-VAL.pdf\">Als setanta tot si val!<\/a><\/td>\n<td style=\"width: 17.1692%; height: 49px;\">2 (2 dones)<\/td>\n<td style=\"width: 7.31997%; height: 49px;\">2022<\/td>\n<td style=\"width: 24.9078%; height: 49px;\">II Certamen Jaume Bau\u00e7\u00e0 Mayol<\/td>\n<td style=\"width: 8.42556%; height: 49px;\">Catal\u00e0<\/td>\n<\/tr>\n<tr style=\"height: 48px;\">\n<td style=\"width: 16.6667%; height: 48px;\">Marina Caballero<\/td>\n<td style=\"width: 25.5109%; height: 48px;\"><a href=\"http:\/\/gestteatre.org\/wp-content\/uploads\/2022\/11\/Dona_m-la-ma\u0300.pdf\">Dona&#8217;m la m\u00e0<\/a><\/td>\n<td style=\"width: 17.1692%; height: 48px;\">2 (1 home\/1 dona)<\/td>\n<td style=\"width: 7.31997%; height: 48px;\">2022<\/td>\n<td style=\"width: 24.9078%; height: 48px;\">II Certamen Jaume Bau\u00e7\u00e0 Mayol<\/td>\n<td style=\"width: 8.42556%; height: 48px;\">Catal\u00e0<\/td>\n<\/tr>\n<tr style=\"height: 48px;\">\n<td style=\"width: 16.6667%; height: 48px;\">Oliver Romero Mart\u00ednez<\/td>\n<td style=\"width: 25.5109%; height: 48px;\"><a href=\"http:\/\/gestteatre.org\/wp-content\/uploads\/2022\/11\/Entrevista-de-feina.pdf\">Entrevista de feina<\/a><\/td>\n<td style=\"width: 17.1692%; height: 48px;\">3 (1 home \/ 2 dones)<\/td>\n<td style=\"width: 7.31997%; height: 48px;\">2022<\/td>\n<td style=\"width: 24.9078%; height: 48px;\">II Certamen Jaume Bau\u00e7\u00e0 Mayol<\/td>\n<td style=\"width: 8.42556%; height: 48px;\">Catal\u00e0<\/td>\n<\/tr>\n<tr style=\"height: 48px;\">\n<td style=\"width: 16.6667%; height: 48px;\">Francesc Cutchet Dom\u00e8nech<\/td>\n<td style=\"width: 25.5109%; height: 48px;\"><a href=\"http:\/\/gestteatre.org\/wp-content\/uploads\/2022\/11\/FEM-NOS-UN-SELFIE.pdf\">Fem-nos un selfie<\/a><\/td>\n<td style=\"width: 17.1692%; height: 48px;\">2 (1 home \/ 1 dona)<\/td>\n<td style=\"width: 7.31997%; height: 48px;\">2022<\/td>\n<td style=\"width: 24.9078%; height: 48px;\">II Certamen Jaume Bau\u00e7\u00e0 Mayol<\/td>\n<td style=\"width: 8.42556%; height: 48px;\">Catal\u00e0<\/td>\n<\/tr>\n<tr style=\"height: 48px;\">\n<td style=\"width: 16.6667%; height: 48px;\">Joan Cassanyes Roig<\/td>\n<td style=\"width: 25.5109%; height: 48px;\"><a href=\"http:\/\/gestteatre.org\/wp-content\/uploads\/2022\/12\/INATRUCCIONS-PER-TORNAR-A-CASA-JOAN-CASSANYES-ROIG.pdf\">Instruccions per tornar a casa<\/a><\/td>\n<td style=\"width: 17.1692%; height: 48px;\">3 (2 homes \/ 1 dona)<\/td>\n<td style=\"width: 7.31997%; height: 48px;\">2022<\/td>\n<td style=\"width: 24.9078%; height: 48px;\">II Certamen Jaume Bau\u00e7\u00e0 Mayol &#8211; 1r premi<\/td>\n<td style=\"width: 8.42556%; height: 48px;\">Catal\u00e0<\/td>\n<\/tr>\n<tr style=\"height: 48px;\">\n<td style=\"width: 16.6667%; height: 48px;\">Toni Guasp Balaguer<\/td>\n<td style=\"width: 25.5109%; height: 48px;\"><a href=\"http:\/\/gestteatre.org\/wp-content\/uploads\/2022\/11\/La-directora.pdf\">La directora<\/a><\/td>\n<td style=\"width: 17.1692%; height: 48px;\">4 (2 dones \/ 2 homes)<\/td>\n<td style=\"width: 7.31997%; height: 48px;\">2022<\/td>\n<td style=\"width: 24.9078%; height: 48px;\">II Certamen Jaume Bau\u00e7\u00e0 Mayol<\/td>\n<td style=\"width: 8.42556%; height: 48px;\">Catal\u00e0<\/td>\n<\/tr>\n<tr style=\"height: 48px;\">\n<td style=\"width: 16.6667%; height: 48px;\">Joan Xarri\u00e9 Bolart<\/td>\n<td style=\"width: 25.5109%; height: 48px;\"><a href=\"http:\/\/gestteatre.org\/wp-content\/uploads\/2022\/11\/La-noia-del-tren.pdf\">La noia del tren<\/a><\/td>\n<td style=\"width: 17.1692%; height: 48px;\">2 (1 home \/ 1 dona)<\/td>\n<td style=\"width: 7.31997%; height: 48px;\">2022<\/td>\n<td style=\"width: 24.9078%; height: 48px;\">II Certamen Jaume Bau\u00e7\u00e0 Mayol &#8211; 2n premi<\/td>\n<td style=\"width: 8.42556%; height: 48px;\">Catal\u00e0<\/td>\n<\/tr>\n<tr style=\"height: 48px;\">\n<td style=\"width: 16.6667%; height: 48px;\">Tom\u00e1s Af\u00e1n<\/td>\n<td style=\"width: 25.5109%; height: 48px;\"><a href=\"http:\/\/gestteatre.org\/wp-content\/uploads\/2022\/11\/Tragedia-lo-de-siempre.pdf\">Tragedia (lo de siempre)<\/a><\/td>\n<td style=\"width: 17.1692%; height: 48px;\">2 (1 home \/ 1 dona)<\/td>\n<td style=\"width: 7.31997%; height: 48px;\">2022<\/td>\n<td style=\"width: 24.9078%; height: 48px;\">II Certamen Jaume Bau\u00e7\u00e0 Mayol &#8211; 3r premi<\/td>\n<td style=\"width: 8.42556%; height: 48px;\">Castell\u00e0<\/td>\n<\/tr>\n<tr style=\"height: 48px;\">\n<td style=\"width: 16.6667%; height: 48px;\">Patricia Su\u00e1rez<\/td>\n<td style=\"width: 25.5109%; height: 48px;\"><a href=\"http:\/\/gestteatre.org\/wp-content\/uploads\/2022\/11\/Un-vestidito-negro-serio-elegante.pdf\">Un vestidito negro, serio, elegante<\/a><\/td>\n<td style=\"width: 17.1692%; height: 48px;\">2 (1 home \/ 1 dona)<\/td>\n<td style=\"width: 7.31997%; height: 48px;\">2022<\/td>\n<td style=\"width: 24.9078%; height: 48px;\">II Certamen Jaume Bau\u00e7\u00e0 Mayol<\/td>\n<td style=\"width: 8.42556%; height: 48px;\">Castell\u00e0<\/td>\n<\/tr>\n<tr style=\"height: 48px;\">\n<td style=\"width: 16.6667%; height: 48px;\">Pere Bergas Llabr\u00e9s<\/td>\n<td style=\"width: 25.5109%; height: 48px;\"><a href=\"http:\/\/gestteatre.org\/wp-content\/uploads\/2022\/11\/Xurros-tesines-i-bidells.pdf\">Xurros, tesines i bidells<\/a><\/td>\n<td style=\"width: 17.1692%; height: 48px;\">2 (2 homes)<\/td>\n<td style=\"width: 7.31997%; height: 48px;\">2022<\/td>\n<td style=\"width: 24.9078%; height: 48px;\">II Certamen Jaume Bau\u00e7\u00e0 Mayol<\/td>\n<td style=\"width: 8.42556%; height: 48px;\">Catal\u00e0<\/td>\n<\/tr>\n<\/tbody>\n<\/table>\n<p>&nbsp;<\/p>\n","protected":false},"excerpt":{"rendered":"<p>&nbsp; Presentem la Biblioteca GEST, un espai virtual on s&#8217;ofereixen, tant a socis com a interessats i amants del teatre, diverses obres i peces curtes per a la lectura i el gaudi. Aquestes obres s\u00f3n d&#8217;acc\u00e9s obert i han estat cedides amablement pels seus autors. La Biblioteca s&#8217;anir\u00e0 actualitzant peri\u00f2dicament a mesura que rebem noves [&hellip;]<\/p>\n","protected":false},"author":4,"featured_media":0,"parent":0,"menu_order":0,"comment_status":"closed","ping_status":"closed","template":"","meta":[],"_links":{"self":[{"href":"https:\/\/gestteatre.org\/index.php\/wp-json\/wp\/v2\/pages\/2027"}],"collection":[{"href":"https:\/\/gestteatre.org\/index.php\/wp-json\/wp\/v2\/pages"}],"about":[{"href":"https:\/\/gestteatre.org\/index.php\/wp-json\/wp\/v2\/types\/page"}],"author":[{"embeddable":true,"href":"https:\/\/gestteatre.org\/index.php\/wp-json\/wp\/v2\/users\/4"}],"replies":[{"embeddable":true,"href":"https:\/\/gestteatre.org\/index.php\/wp-json\/wp\/v2\/comments?post=2027"}],"version-history":[{"count":7,"href":"https:\/\/gestteatre.org\/index.php\/wp-json\/wp\/v2\/pages\/2027\/revisions"}],"predecessor-version":[{"id":2059,"href":"https:\/\/gestteatre.org\/index.php\/wp-json\/wp\/v2\/pages\/2027\/revisions\/2059"}],"wp:attachment":[{"href":"https:\/\/gestteatre.org\/index.php\/wp-json\/wp\/v2\/media?parent=2027"}],"curies":[{"name":"wp","href":"https:\/\/api.w.org\/{rel}","templated":true}]}}